{"id":3656,"date":"2016-10-11T14:54:23","date_gmt":"2016-10-11T11:54:23","guid":{"rendered":"http:\/\/www.bilisim.org.tr\/bilisim2016\/yeni\/?page_id=3656"},"modified":"2016-10-12T14:47:15","modified_gmt":"2016-10-12T11:47:15","slug":"katilimci-profili","status":"publish","type":"page","link":"https:\/\/www.bilisim.org.tr\/bilisim2016\/katilimci-profili\/","title":{"rendered":"Kat\u0131l\u0131mc\u0131 Profili"},"content":{"rendered":"<p>[vc_row][vc_column][vc_column_text]<\/p>\n<ul class=\"cerceve\">\n<li><strong>Say\u0131sal G\u00fcndem 2020 kapsam\u0131nda yer alan 40 dan fazla uzmanl\u0131k alan\u0131 ile ilgili<\/strong>\n<ul>\n<li>Bili\u015fim Uzmanlar\u0131<\/li>\n<li>Akademisyenler<\/li>\n<li>Uluslararas\u0131 kurulu\u015f temsilcileri<\/li>\n<li>Yurti\u00e7i kurum ve kurulu\u015f temsilcileri<\/li>\n<li>Yasal d\u00fczenleme temsilcileri<\/li>\n<li>\u00c7\u00f6z\u00fcm \u00fcreten firmalar<\/li>\n<li>Yurtd\u0131\u015f\u0131ndan kat\u0131lacak uzmanlar<\/li>\n<li>\u0130lgili Sivil Toplum Kurulu\u015flar\u0131<\/li>\n<li>Kullan\u0131c\u0131lar<\/li>\n<\/ul>\n<\/li>\n<\/ul>\n<ul class=\"cerceve\">\n<li><strong>Bili\u015fim ve \u0130leti\u015fim Sekt\u00f6r\u00fc ile ilgili olarak hizmet sunan firmalar<\/strong>\n<ul>\n<li>Sistem entegrasyon hizmeti sunan,<\/li>\n<li>Yaz\u0131l\u0131m \u00e7\u00f6z\u00fcmleri sunan,<\/li>\n<li>\u0130leti\u015fim, internet, mobil \u00e7\u00f6z\u00fcmleri sunan,<\/li>\n<li>Altyap\u0131 Sistemleri, networking \u00e7\u00f6z\u00fcmleri sunan,<\/li>\n<li>Telekom, E\u011fitim, Sa\u011fl\u0131k, Finans, Savunma, G\u00fcvenlik \u00e7\u00f6z\u00fcmleri sunan,<\/li>\n<li>ERP \u00e7\u00f6z\u00fcmleri sunan,<\/li>\n<li>E-Devlet \u00e7\u00f6z\u00fcm\u00fc sunan,<\/li>\n<li>Bili\u015fim altyap\u0131s\u0131 tedarik\u00e7ileri,<\/li>\n<li>Bili\u015fim \u00c7\u00f6z\u00fcmleri kullan\u0131c\u0131lar\u0131,<\/li>\n<li>Bili\u015fim \u00c7\u00f6z\u00fcmleri \u00fcreticileri,<\/li>\n<li>Oyun \u00fcreticileri,<\/li>\n<li>Bili\u015fim konusunda Ar&amp;Ge ve \u0130novasyon \u00e7al\u0131\u015fmalar\u0131nda bulunan.<\/li>\n<\/ul>\n<\/li>\n<\/ul>\n<ul class=\"cerceve\">\n<li><strong>Kurum ve Kurulu\u015f olarak<\/strong>\n<ul>\n<li>Gelece\u011fin Dijital T\u00fcrkiye\u2019sin de yer almak isteyen kurum ve kurulu\u015flar<\/li>\n<li>\u00dcniversiteler ve Teknokentler,<\/li>\n<li>Bili\u015fim Sekt\u00f6r\u00fcnde yer alan dernek ve vak\u0131flar,<\/li>\n<li>T\u00fcrkiye\u2019nin 2023 hedefleri ile paralel ilerlemek isteyen t\u00fcm kurum ve kurulu\u015flar,<\/li>\n<li>Bilgi, \u0130leti\u015fim ve Elektronik d\u00fcnyas\u0131n\u0131n ortak sorunlar\u0131 hakk\u0131nda \u00e7\u00f6z\u00fcm \u00f6nerileri geli\u015ftiren t\u00fcm kurum ve kurulu\u015flar,<\/li>\n<li>Uluslararas\u0131 kurumlar ile T\u00fcrkiye\u2019nin Bilgi, \u0130leti\u015fim ve Elektronik d\u00fcnyas\u0131n\u0131n temsilcisi s\u0131fat\u0131yla i\u015fbirliklerini geli\u015ftirmek isteyen t\u00fcm kurum ve kurulu\u015flar,<\/li>\n<li>T\u00fcrkiye\u2019nin sosyal, sanatsal ve k\u00fclt\u00fcrel ya\u015fam\u0131na katk\u0131 sa\u011flayan t\u00fcm kurum ve kurulu\u015flar.<\/li>\n<\/ul>\n<\/li>\n<\/ul>\n<p>[\/vc_column_text][vc_column_text]<\/p>\n<p>[\/vc_column_text][\/vc_column][\/vc_row]<\/p>\n","protected":false},"excerpt":{"rendered":"<p>[vc_row][vc_column][vc_column_text] Say\u0131sal G\u00fcndem 2020 kapsam\u0131nda yer alan 40 dan fazla uzmanl\u0131k alan\u0131 ile ilgili Bili\u015fim Uzmanlar\u0131 Akademisyenler Uluslararas\u0131 kurulu\u015f temsilcileri Yurti\u00e7i kurum ve kurulu\u015f temsilcileri Yasal d\u00fczenleme temsilcileri \u00c7\u00f6z\u00fcm \u00fcreten firmalar Yurtd\u0131\u015f\u0131ndan kat\u0131lacak uzmanlar \u0130lgili Sivil Toplum Kurulu\u015flar\u0131 Kullan\u0131c\u0131lar Bili\u015fim ve \u0130leti\u015fim Sekt\u00f6r\u00fc ile ilgili olarak hizmet sunan firmalar Sistem entegrasyon hizmeti sunan, Yaz\u0131l\u0131m \u00e7\u00f6z\u00fcmleri&nbsp;<\/p>\n<p><a class=\"btn btn-style\" href=\"https:\/\/www.bilisim.org.tr\/bilisim2016\/katilimci-profili\/\">Continue Reading<\/a><\/p>\n","protected":false},"author":4,"featured_media":0,"parent":0,"menu_order":0,"comment_status":"closed","ping_status":"closed","template":"","meta":{"rs_blank_template":"","rs_page_bg_color":"","slide_template_v7":"","footnotes":""},"_links":{"self":[{"href":"https:\/\/www.bilisim.org.tr\/bilisim2016\/wp-json\/wp\/v2\/pages\/3656"}],"collection":[{"href":"https:\/\/www.bilisim.org.tr\/bilisim2016\/wp-json\/wp\/v2\/pages"}],"about":[{"href":"https:\/\/www.bilisim.org.tr\/bilisim2016\/wp-json\/wp\/v2\/types\/page"}],"author":[{"embeddable":true,"href":"https:\/\/www.bilisim.org.tr\/bilisim2016\/wp-json\/wp\/v2\/users\/4"}],"replies":[{"embeddable":true,"href":"https:\/\/www.bilisim.org.tr\/bilisim2016\/wp-json\/wp\/v2\/comments?post=3656"}],"version-history":[{"count":3,"href":"https:\/\/www.bilisim.org.tr\/bilisim2016\/wp-json\/wp\/v2\/pages\/3656\/revisions"}],"predecessor-version":[{"id":3783,"href":"https:\/\/www.bilisim.org.tr\/bilisim2016\/wp-json\/wp\/v2\/pages\/3656\/revisions\/3783"}],"wp:attachment":[{"href":"https:\/\/www.bilisim.org.tr\/bilisim2016\/wp-json\/wp\/v2\/media?parent=3656"}],"curies":[{"name":"wp","href":"https:\/\/api.w.org\/{rel}","templated":true}]}}