{"id":543,"date":"2014-09-28T13:38:31","date_gmt":"2014-09-28T10:38:31","guid":{"rendered":"http:\/\/bilisim.org.tr\/?page_id=543"},"modified":"2014-10-16T17:52:11","modified_gmt":"2014-10-16T14:52:11","slug":"gl-events-hakkinda-bilgi","status":"publish","type":"page","link":"https:\/\/www.bilisim.org.tr\/bilisim2015\/gl-events-hakkinda-bilgi\/","title":{"rendered":"GL Events Hakk\u0131nda Bilgi"},"content":{"rendered":"<p style=\"text-align: center;\"><strong>GL Events<\/strong><\/p>\n<p style=\"text-align: left;\">GL events ihtisas fuarlar\u0131 konusunda uzmanla\u015fm\u0131\u015f, d\u00fcnyan\u0131n en b\u00fcy\u00fck uluslararas\u0131 fuar organizasyonu \u015firketidir. Her y\u0131l 250\u2019nin \u00fczerinde d\u00fczenledi\u011fi fuar organizasyonu ile gastronomi, g\u0131da i\u015fletmeleri, \u00fcretim, yap\u0131, spor ve e\u011flence, otomobil, tasar\u0131m, moda, tar\u0131m, \u00e7evre, perakende, ve sa\u011fl\u0131k gibi bir\u00e7ok alanda liderli\u011fini s\u00fcrd\u00fcrmektedir. Grup, ayr\u0131ca her t\u00fcrl\u00fc etkinlik tasar\u0131m\u0131 ve \u00fcretiminde kurum ve kurulu\u015flara hizmet vermekle beraber, fuar ve kongre merkezlerindeki ba\u011flant\u0131lar\u0131n\u0131 kullanarak, be\u015f k\u0131tada ger\u00e7ekle\u015fen etkinlikler i\u00e7in m\u00fc\u015fterilerine destek olmaktad\u0131r.<\/p>\n<p style=\"text-align: left;\">Kurulu\u015f 1978<br \/>\nHalka a\u00e7\u0131k bir \u015firket<br \/>\n2012 cirosu: \u20ac824 M<br \/>\n2013 cirosu: \u20ac881 M<br \/>\nUluslararas\u0131 sat\u0131\u015flar\u0131n toplam sat\u0131\u015f i\u00e7indeki pay\u0131 51% D\u00fcnya genelinde ofis say\u0131s\u0131 91<br \/>\n24 destinasyonda 36 kongre ve etkinlik merkezi<br \/>\n1 milyon m2 \u00fcst\u00fcnde fuar alan\u0131<br \/>\n250 adet isme kay\u0131tl\u0131 fuar<br \/>\nYap\u0131lan etkinlik say\u0131s\u0131 4,000<br \/>\n11 milyon ziyaret\u00e7i<br \/>\n3,896 \u00e7al\u0131\u015fan<br \/>\nFarkl\u0131 dallarda uzman say\u0131s\u0131 35<\/p>\n<p style=\"text-align: center;\"><strong>GL Events T\u00fcrkiye<\/strong><\/p>\n<p style=\"text-align: left;\">2011 y\u0131l\u0131nda Serenas Group ile ortakl\u0131k kuruldu<br \/>\n2011 y\u0131l\u0131nda Sabanc\u0131 M\u00fczesi i\u00e7inde yer alan kongre merkezini SEED ad\u0131 alt\u0131nda i\u015fletmeye ba\u015flad\u0131.<br \/>\n2011 ATO Kongre Merkezi\u2019ni kiralayan GL events T\u00fcrkiye bu dev etkinlik merkezini Congresium Ankara ad\u0131 ile tescilleyerek i\u015fletmeye ba\u015flad\u0131.<br \/>\n2012 y\u0131l\u0131nda kurulan GL events Fuarc\u0131l\u0131k A.\u015e. ile ulusal ve uluslararas\u0131 fuar\/sergi organizasyonlar\u0131 ger\u00e7ekle\u015ftirmeye ba\u015flad\u0131.<br \/>\n2013 y\u0131l\u0131nda ise GL Food markas\u0131 ile yeme\/i\u00e7me (F&amp;B) hizmetleri sa\u011flamaya ba\u015flad\u0131.<br \/>\nVesperna Dine\u2019n Fun, Vesperna Moments ile restoran, d\u00fc\u011f\u00fcn, toplant\u0131 ve \u00f6zel g\u00fcn hizmetleri vermeye ba\u015flad\u0131<\/p>\n","protected":false},"excerpt":{"rendered":"<p>GL Events GL events ihtisas fuarlar\u0131 konusunda uzmanla\u015fm\u0131\u015f, d\u00fcnyan\u0131n en b\u00fcy\u00fck uluslararas\u0131 fuar organizasyonu \u015firketidir&#8230;.<\/p>\n","protected":false},"author":1,"featured_media":0,"parent":0,"menu_order":0,"comment_status":"closed","ping_status":"closed","template":"template-full-width.php","meta":{"footnotes":""},"_links":{"self":[{"href":"https:\/\/www.bilisim.org.tr\/bilisim2015\/wp-json\/wp\/v2\/pages\/543"}],"collection":[{"href":"https:\/\/www.bilisim.org.tr\/bilisim2015\/wp-json\/wp\/v2\/pages"}],"about":[{"href":"https:\/\/www.bilisim.org.tr\/bilisim2015\/wp-json\/wp\/v2\/types\/page"}],"author":[{"embeddable":true,"href":"https:\/\/www.bilisim.org.tr\/bilisim2015\/wp-json\/wp\/v2\/users\/1"}],"replies":[{"embeddable":true,"href":"https:\/\/www.bilisim.org.tr\/bilisim2015\/wp-json\/wp\/v2\/comments?post=543"}],"version-history":[{"count":15,"href":"https:\/\/www.bilisim.org.tr\/bilisim2015\/wp-json\/wp\/v2\/pages\/543\/revisions"}],"predecessor-version":[{"id":1171,"href":"https:\/\/www.bilisim.org.tr\/bilisim2015\/wp-json\/wp\/v2\/pages\/543\/revisions\/1171"}],"wp:attachment":[{"href":"https:\/\/www.bilisim.org.tr\/bilisim2015\/wp-json\/wp\/v2\/media?parent=543"}],"curies":[{"name":"wp","href":"https:\/\/api.w.org\/{rel}","templated":true}]}}