{"id":541,"date":"2014-09-28T13:37:44","date_gmt":"2014-09-28T10:37:44","guid":{"rendered":"http:\/\/bilisim.org.tr\/?page_id=541"},"modified":"2015-08-19T13:42:39","modified_gmt":"2015-08-19T10:42:39","slug":"tbd-hakkinda-bilgi","status":"publish","type":"page","link":"https:\/\/www.bilisim.org.tr\/bilisim2015\/tbd-hakkinda-bilgi\/","title":{"rendered":"TBD Hakk\u0131nda Bilgi"},"content":{"rendered":"<p>T\u00fcrkiye\u2018nin bili\u015fimle yeni tan\u0131\u015ft\u0131\u011f\u0131 1971 y\u0131l\u0131nda profesyonel ve yar\u0131 akademik bir topluluk taraf\u0131ndan b\u00fcy\u00fck bir gelecek vizyonu ile kurulan T\u00fcrkiye Bili\u015fim Derne\u011fi (TBD) bug\u00fcn art\u0131k toplumun her katman\u0131ndan \u00fcye yap\u0131s\u0131yla \u201cBili\u015fim K\u00fclt\u00fcr\u00fcn\u00fc\u201d yaymaya \u00e7al\u0131\u015fan, sekt\u00f6rel sorunlara \u00e7\u00f6z\u00fcm arayan ve \u00f6zl\u00fck haklar\u0131na sahip \u00e7\u0131kan bir \u201cSivil Toplum\u201d \u00f6nc\u00fc hareketidir. <strong>TBD bug\u00fcn, 11.000\u2019i a\u015fan \u00fcye say\u0131s\u0131, yedi \u015fubesi, 13 il temsilcili\u011fi ve 33 \u00dcniversitede TBD-Gen\u00e7 \u00f6rg\u00fctlenmesiyle \u00fclkemizin bili\u015fim sekt\u00f6r\u00fcn\u00fcn geli\u015fmesine \u00f6nemli katk\u0131lar vermektedir.<\/strong><\/p>\n<p>T\u00fcrkiye Bili\u015fim Derne\u011fi&#8217;nin bireysel kat\u0131l\u0131m\u0131 esas alan yap\u0131s\u0131 ve g\u00f6n\u00fcll\u00fcl\u00fck temelindeki \u00e7al\u0131\u015fma bi\u00e7imiyle \u00fcretti\u011fi raporlar, \u00f6neriler ve ba\u011f\u0131ms\u0131z s\u00f6ylemleri g\u00fcn\u00fcm\u00fczde t\u00fcm karar vericiler ve toplumun her kesimi taraf\u0131ndan dikkate al\u0131n\u0131r duruma gelmi\u015ftir.<\/p>\n<p>TBD b\u00fcnyesindeki aktif \u00c7al\u0131\u015fma Gruplar\u0131; Terim Kolu, TBD Kamu-B\u0130B (T\u00fcrkiye Bili\u015fim Derne\u011fi Kamu Bilgi \u0130\u015flem Merkezi Y\u00f6neticileri Birli\u011fi), Bili\u015fim Hukuku \u00c7G, Sosyal Etkinlikler \u00c7G, TBD Yaz\u0131l\u0131m \u00c7G, Kobilerde Bili\u015fim \u00c7G, G\u00f6rme Engelliler ve Bili\u015fim \u00c7G, TBD Gen\u00e7 \u00c7G, e-Oyun \u00c7G, Sa\u011fl\u0131k ve Bili\u015fim \u00c7G, Bili\u015fim G\u00fcvenli\u011fi \u00c7G, Bilimkurgu \u00d6yk\u00fc Yar\u0131\u015fmas\u0131 J\u00fcrisi ve TBD Yay\u0131n Kurulu&#8217;dur. Ayr\u0131ca, TOBB Meslek Komitelerinde de TBD \u00fcyeleri etkin olarak g\u00f6rev yapmaktad\u0131r.<\/p>\n<p>TBD, kamu ve \u00f6zel sekt\u00f6r, akademisyen ve toplumun her kesiminden etkin kullan\u0131c\u0131lardan olu\u015fan \u00fcye yap\u0131s\u0131yla bili\u015fim sekt\u00f6r\u00fcn\u00fcn \u00f6nc\u00fc sivil toplum \u00f6rg\u00fct\u00fcd\u00fcr.<\/p>\n<p><strong>Kuruldu\u011fu y\u0131ldan bug\u00fcne derne\u011fimizin hedefi;<\/strong><\/p>\n<ul class=\"cerceve\">\n<li>Teknoloji \u00fcreten bir T\u00fcrkiye,<\/li>\n<li>Teknolojiyi ya\u015fam kalitesini y\u00fckseltme anlam\u0131nda kullanabilen bir toplum,<\/li>\n<li>Kaynaklar\u0131n\u0131 etkin ve verimli kullanabilen bir devlet y\u00f6netimi,<\/li>\n<li>Nitelikli insan g\u00fcc\u00fc,<\/li>\n<li>Uluslararas\u0131 rekabet edebilir bir \u00fcretim sekt\u00f6r\u00fcyarat\u0131lmas\u0131na katk\u0131 sa\u011flayarak gururla ve b\u00fcy\u00fck bir onurla bu g\u00fczel \u00fclkede her vatanda\u015f\u0131m\u0131z\u0131n ya\u015fam\u0131n\u0131n keyfini \u00e7\u0131karmas\u0131d\u0131r.<\/li>\n<\/ul>\n<p><strong>TBD&#8217;nin ama\u00e7lar\u0131 do\u011frultusunda ger\u00e7ekle\u015ftirmi\u015f oldu\u011fu etkinlikler;<\/strong><\/p>\n<ul class=\"cerceve\">\n<li>Kamu-B\u0130B ( Kamu Bili\u015fim Platformu)<\/li>\n<li>B\u0130MY (Bilgi \u0130\u015flem Merkezi Y\u00f6neticileri Semineri)<\/li>\n<li>Ulusal Bili\u015fim Kurultaylar\u0131<\/li>\n<li>T\u00fcrk Cumhuriyetleri ve Bili\u015fim<\/li>\n<li>Bili\u015fimde \u0130\u015fbirli\u011fi Platformu<\/li>\n<li>Yap\u0131 ve Kentte Bili\u015fim<\/li>\n<li>Spor ve Bili\u015fim<\/li>\n<li>\u00d6z\u00fcrl\u00fcler ve Bili\u015fim<\/li>\n<li>Bili\u015fim Teknolojileri I\u015f\u0131\u011f\u0131nda E\u011fitim (BTIE)<\/li>\n<li>Ak\u0131ll\u0131 Kentler<\/li>\n<li>Bili\u015fim Y\u0131ld\u0131zlar\u0131<\/li>\n<li>\u0130stanbul Bili\u015fim Kongresi<\/li>\n<li>Bili\u015fim Hukuku Kurultay\u0131<\/li>\n<\/ul>\n<p>&nbsp;<\/p>\n","protected":false},"excerpt":{"rendered":"<p>T\u00fcrkiye\u2018nin bili\u015fimle yeni tan\u0131\u015ft\u0131\u011f\u0131 1971 y\u0131l\u0131nda profesyonel ve yar\u0131 akademik bir topluluk taraf\u0131ndan b\u00fcy\u00fck bir&#8230;<\/p>\n","protected":false},"author":1,"featured_media":0,"parent":0,"menu_order":0,"comment_status":"closed","ping_status":"closed","template":"template-full-width.php","meta":{"footnotes":""},"_links":{"self":[{"href":"https:\/\/www.bilisim.org.tr\/bilisim2015\/wp-json\/wp\/v2\/pages\/541"}],"collection":[{"href":"https:\/\/www.bilisim.org.tr\/bilisim2015\/wp-json\/wp\/v2\/pages"}],"about":[{"href":"https:\/\/www.bilisim.org.tr\/bilisim2015\/wp-json\/wp\/v2\/types\/page"}],"author":[{"embeddable":true,"href":"https:\/\/www.bilisim.org.tr\/bilisim2015\/wp-json\/wp\/v2\/users\/1"}],"replies":[{"embeddable":true,"href":"https:\/\/www.bilisim.org.tr\/bilisim2015\/wp-json\/wp\/v2\/comments?post=541"}],"version-history":[{"count":8,"href":"https:\/\/www.bilisim.org.tr\/bilisim2015\/wp-json\/wp\/v2\/pages\/541\/revisions"}],"predecessor-version":[{"id":1986,"href":"https:\/\/www.bilisim.org.tr\/bilisim2015\/wp-json\/wp\/v2\/pages\/541\/revisions\/1986"}],"wp:attachment":[{"href":"https:\/\/www.bilisim.org.tr\/bilisim2015\/wp-json\/wp\/v2\/media?parent=541"}],"curies":[{"name":"wp","href":"https:\/\/api.w.org\/{rel}","templated":true}]}}