{"id":508,"date":"2014-09-28T12:54:31","date_gmt":"2014-09-28T09:54:31","guid":{"rendered":"http:\/\/bilisim.org.tr\/?page_id=508"},"modified":"2014-10-16T17:55:42","modified_gmt":"2014-10-16T14:55:42","slug":"sayisal-gundem-2020","status":"publish","type":"page","link":"https:\/\/www.bilisim.org.tr\/bilisim2015\/sayisal-gundem-2020\/","title":{"rendered":"Say\u0131sal G\u00fcndem 2020"},"content":{"rendered":"<p><strong>Hedeflerimiz :<\/strong><\/p>\n<ul class=\"cerceve\">\n<li>Bili\u015fim Teknolojileri alan\u0131ndaki geli\u015fmelere fark\u0131ndal\u0131k yaratmak.<\/li>\n<li>T\u00fcrkiye\u2019 nin Say\u0131sal G\u00fcndemi ve Ajandas\u0131\u2019 n\u0131n olu\u015fturulmas\u0131.<\/li>\n<li>T\u00fcrkiye\u2019 nin Bili\u015fim Teknolojileri\u00a0 ile gelece\u011fe haz\u0131rlanmas\u0131.<\/li>\n<li>\u00a0T\u00fcrkiye\u2019 nin b\u00fcy\u00fcme hedef ve stratejileri i\u00e7erisinde\u00a0 t\u00fcm sekt\u00f6rlerde Bili\u015fim Teknolojilerinden gere\u011fi gibi ve etkin yararlan\u0131lmas\u0131n\u0131n sa\u011flanmas\u0131.<\/li>\n<li>\u00a0T\u00fcrkiye\u2019 nin sosyal,\u00a0 sanatsal ve k\u00fclt\u00fcrel ya\u015fam\u0131na katk\u0131 sa\u011flamak.<\/li>\n<li>T\u00fcrk halk\u0131n\u0131n ya\u015fam kalitesinin artmas\u0131na katk\u0131 sa\u011flamak.<\/li>\n<li>\u00a0Avrupa Birli\u011fi\u2019 nin \u201cDigital Agenda for Europa\u201d program\u0131n\u0131n paralelinde \u00e7al\u0131\u015fmalar yap\u0131larak, Avrupa Birli\u011fi\u2019 ne giri\u015f s\u00fcrecinde BT alan\u0131nda paralel ilerleme kaydedilmesi.<\/li>\n<li>\u00a0T\u00fcrkiye\u2019 nin \u201cBT Skorboard\u201d \u0131n\u0131n olu\u015fturulmas\u0131.<\/li>\n<\/ul>\n<p><strong>\u00c7al\u0131\u015fma Y\u00f6ntemimiz :<\/strong><\/p>\n<p><a href=\"http:\/\/bilisim.org.tr\/wp-content\/uploads\/2014\/09\/calismayontem1.png\"><img loading=\"lazy\" decoding=\"async\" class=\"aligncenter wp-image-569\" src=\"http:\/\/bilisim.org.tr\/wp-content\/uploads\/2014\/09\/calismayontem1.png\" alt=\"calismayontem(1)\" width=\"720\" height=\"512\" srcset=\"https:\/\/www.bilisim.org.tr\/bilisim2015\/wp-content\/uploads\/2014\/09\/calismayontem1.png 1024w, https:\/\/www.bilisim.org.tr\/bilisim2015\/wp-content\/uploads\/2014\/09\/calismayontem1-300x213.png 300w, https:\/\/www.bilisim.org.tr\/bilisim2015\/wp-content\/uploads\/2014\/09\/calismayontem1-125x88.png 125w, https:\/\/www.bilisim.org.tr\/bilisim2015\/wp-content\/uploads\/2014\/09\/calismayontem1-615x437.png 615w\" sizes=\"(max-width: 720px) 100vw, 720px\" \/><\/a><\/p>\n<p>&nbsp;<\/p>\n<p><a href=\"http:\/\/bilisim.org.tr\/wp-content\/uploads\/2014\/09\/calismayontem21.png\"><img loading=\"lazy\" decoding=\"async\" class=\"aligncenter wp-image-571 size-full\" src=\"http:\/\/bilisim.org.tr\/wp-content\/uploads\/2014\/09\/calismayontem21.png\" alt=\"calismayontem2(1)\" width=\"768\" height=\"1024\" srcset=\"https:\/\/www.bilisim.org.tr\/bilisim2015\/wp-content\/uploads\/2014\/09\/calismayontem21.png 768w, https:\/\/www.bilisim.org.tr\/bilisim2015\/wp-content\/uploads\/2014\/09\/calismayontem21-225x300.png 225w, https:\/\/www.bilisim.org.tr\/bilisim2015\/wp-content\/uploads\/2014\/09\/calismayontem21-125x166.png 125w, https:\/\/www.bilisim.org.tr\/bilisim2015\/wp-content\/uploads\/2014\/09\/calismayontem21-615x820.png 615w\" sizes=\"(max-width: 768px) 100vw, 768px\" \/><\/a><\/p>\n<p>&nbsp;<\/p>\n<p>TBD \u00e7at\u0131s\u0131 alt\u0131nda 7 ana hedefe 40\u2019\u0131 a\u015fk\u0131n ayr\u0131 uzmanl\u0131k konusunda olu\u015fturulan gruplarda 600\u2019\u00fc a\u015fk\u0131n uzman, 2020 y\u0131l\u0131na kadar g\u00f6n\u00fcll\u00fc olarak \u00e7al\u0131\u015facakt\u0131r. Gruplar, \u2018T\u00fcrkiye\u2019nin Say\u0131sal G\u00fcndemi\u2019ni olu\u015fturup nabz\u0131n\u0131 tutacak ve \u00fclkemizin gelece\u011fini \u015fekillendireceklerdir.Konunun uzmanlar\u0131, ilgili ulusal ve uluslararas\u0131 kurulu\u015flar\u0131n temsilcileriyle karar vericilerin kat\u0131laca\u011f\u0131 a\u00e7\u0131k oturum, sunum, etkile\u015fimli toplant\u0131 ve \u00e7al\u0131\u015ftaylar d\u0131\u015f\u0131nda etkinlikte akademik, teknolojik ve uygulama \u00f6rneklerini i\u00e7eren bildirilerden olu\u015fan oturumlar da ger\u00e7ekle\u015ftirileceklerdir.<\/p>\n<p>&nbsp;<\/p>\n<p><strong><span style=\"text-decoration: underline;\">Say\u0131sal G\u00fcndem 2020\u00a0 Temel Konular\u0131:<\/span><\/strong><\/p>\n<ul class=\"cerceve\">\n<li>Ar &#8211; Ge ve \u0130novasyon<\/li>\n<\/ul>\n<table class=\"table-bilimsel\" style=\"height: 148px;\" border=\"0\" width=\"410\" cellspacing=\"0\" cellpadding=\"0\">\n<tbody>\n<tr>\n<td>BT Te\u015fviklerinin Geli\u015ftirilmesi ve Yat\u0131r\u0131m Havuzlar\u0131<\/td>\n<\/tr>\n<tr>\n<td>Bulut Bili\u015fim<\/td>\n<\/tr>\n<tr>\n<td>B\u00fcy\u00fck Veri<\/td>\n<\/tr>\n<tr>\n<td>Mikro ve Nano Teknolojiler<\/td>\n<\/tr>\n<tr>\n<td>Say\u0131sal Oyun End\u00fcstrisinin olu\u015fturulmas\u0131<\/td>\n<\/tr>\n<tr>\n<td>Yapay Zeka ve Robot Teknolojileri<\/td>\n<\/tr>\n<tr>\n<td>Yeni Nesil Web Teknolojileri<\/td>\n<\/tr>\n<tr>\n<td>Yerli Bili\u015fim End\u00fcstrisi<\/td>\n<\/tr>\n<tr>\n<td>ksek performansl\u0131 BT merkezleri<\/td>\n<\/tr>\n<\/tbody>\n<\/table>\n<ul class=\"cerceve\">\n<li>Birlikte \u00c7al\u0131\u015fabilirlik<\/li>\n<\/ul>\n<table class=\"table-bilimsel\" border=\"0\" width=\"100%\" cellspacing=\"0\" cellpadding=\"0\">\n<tbody>\n<tr>\n<td>BT Birlikte \u00c7al\u0131\u015fabilirlik<\/td>\n<\/tr>\n<tr>\n<td>BT Hizmet ve \u00dcr\u00fcn Envanteri<\/td>\n<\/tr>\n<tr>\n<td>BT Standartlar\u0131<\/td>\n<\/tr>\n<\/tbody>\n<\/table>\n<ul class=\"cerceve\">\n<li>G\u00fcven ve G\u00fcvenlik<\/li>\n<\/ul>\n<table class=\"table-bilimsel\" border=\"0\" width=\"100%\" cellspacing=\"0\" cellpadding=\"0\">\n<tbody>\n<tr>\n<td>\u0130leti\u015fim ve Bilgi G\u00fcvenli\u011fi Grubu<\/td>\n<\/tr>\n<tr>\n<td>Siber Milli Savunma<\/td>\n<\/tr>\n<tr>\n<td>\u00c7evrim \u0130\u00e7i \u00c7ocuk \u0130stismar\u0131n\u0131 \u00d6nleme<\/td>\n<\/tr>\n<tr>\n<td>Siber Su\u00e7larla M\u00fccadele<\/td>\n<\/tr>\n<tr>\n<td>\u00c7evrim \u0130\u00e7i Hizmetlerde \u00d6z Denetim<\/td>\n<\/tr>\n<\/tbody>\n<\/table>\n<ul class=\"cerceve\">\n<li>H\u0131zl\u0131 ve Ultra H\u0131zl\u0131 \u0130nternet Eri\u015fimi<\/li>\n<\/ul>\n<table class=\"table-bilimsel\" border=\"0\" width=\"100%\" cellspacing=\"0\" cellpadding=\"0\">\n<tbody>\n<tr>\n<td>\u0130nternet Y\u00f6neti\u015fim Forumu<\/td>\n<\/tr>\n<tr>\n<td>Spektrum Y\u00f6netimi<\/td>\n<\/tr>\n<tr>\n<td>Ulusal Geni\u015fband Altyap\u0131s\u0131<\/td>\n<\/tr>\n<\/tbody>\n<\/table>\n<ul class=\"cerceve\">\n<li>Toplum i\u00e7in BT Kazan\u0131mlar\u0131<\/li>\n<\/ul>\n<table class=\"table-bilimsel\" border=\"0\" width=\"100%\" cellspacing=\"0\" cellpadding=\"0\">\n<tbody>\n<tr>\n<td>Ak\u0131ll\u0131 Ula\u015f\u0131m Sistemleri<\/td>\n<\/tr>\n<tr>\n<td>Sa\u011fl\u0131k Bili\u015fimi<\/td>\n<\/tr>\n<tr>\n<td>\u00c7evresel Etki<\/td>\n<\/tr>\n<tr>\n<td>E \u2013 Devlet Uygulamalar\u0131n\u0131n Geli\u015ftirilmesi<\/td>\n<\/tr>\n<tr>\n<td>Enerji Verimlili\u011fi<\/td>\n<\/tr>\n<tr>\n<td>Kamu hizmetlerinin geli\u015ftirilmesi<\/td>\n<\/tr>\n<tr>\n<td>K\u00fclt\u00fcr ve Sanatta Bili\u015fim<\/td>\n<\/tr>\n<tr>\n<td>Mobil Teknolojilerden yararlanma<\/td>\n<\/tr>\n<\/tbody>\n<\/table>\n<ul class=\"cerceve\">\n<li>Say\u0131sal Okur yazarl\u0131k ve BT Yetene\u011fi<\/li>\n<\/ul>\n<table class=\"table-bilimsel\" border=\"0\" width=\"100%\" cellspacing=\"0\" cellpadding=\"0\">\n<tbody>\n<tr>\n<td>BT \u0130\u015fg\u00fcc\u00fc ve \u0130\u015fg\u00fcc\u00fcnde BT Yetene\u011fi<\/td>\n<\/tr>\n<tr>\n<td>\u00c7ocuklar \u0130\u00e7in Bili\u015fim<\/td>\n<\/tr>\n<tr>\n<td>Engelliler i\u00e7in bili\u015fim<\/td>\n<\/tr>\n<tr>\n<td>Say\u0131sal okuryazarl\u0131k<\/td>\n<\/tr>\n<tr>\n<td>Sosyal medya<\/td>\n<\/tr>\n<\/tbody>\n<\/table>\n<ul class=\"cerceve\">\n<li>Say\u0131sal Tek Pazar<\/li>\n<\/ul>\n<table class=\"table-bilimsel\" border=\"0\" width=\"100%\" cellspacing=\"0\" cellpadding=\"0\">\n<tbody>\n<tr>\n<td>A\u00e7\u0131k Veri<\/td>\n<\/tr>\n<tr>\n<td>E \u2013 imza d\u00fczenlemelerinin iyile\u015ftirilmesi<\/td>\n<\/tr>\n<tr>\n<td>E \u2013 Ticaretin Geli\u015ftirilmesi<\/td>\n<\/tr>\n<tr>\n<td>Lisans ve Fikri M\u00fclkiyet Haklar\u0131<\/td>\n<\/tr>\n<tr>\n<td>Say\u0131sal Tek Pazar<\/td>\n<\/tr>\n<tr>\n<td>T\u00fcketici Haklar\u0131<\/td>\n<\/tr>\n<\/tbody>\n<\/table>\n","protected":false},"excerpt":{"rendered":"<p>Hedeflerimiz : Bili\u015fim Teknolojileri alan\u0131ndaki geli\u015fmelere fark\u0131ndal\u0131k yaratmak. T\u00fcrkiye\u2019 nin Say\u0131sal G\u00fcndemi ve Ajandas\u0131\u2019 n\u0131n&#8230;<\/p>\n","protected":false},"author":1,"featured_media":0,"parent":0,"menu_order":0,"comment_status":"closed","ping_status":"closed","template":"template-full-width.php","meta":{"footnotes":""},"_links":{"self":[{"href":"https:\/\/www.bilisim.org.tr\/bilisim2015\/wp-json\/wp\/v2\/pages\/508"}],"collection":[{"href":"https:\/\/www.bilisim.org.tr\/bilisim2015\/wp-json\/wp\/v2\/pages"}],"about":[{"href":"https:\/\/www.bilisim.org.tr\/bilisim2015\/wp-json\/wp\/v2\/types\/page"}],"author":[{"embeddable":true,"href":"https:\/\/www.bilisim.org.tr\/bilisim2015\/wp-json\/wp\/v2\/users\/1"}],"replies":[{"embeddable":true,"href":"https:\/\/www.bilisim.org.tr\/bilisim2015\/wp-json\/wp\/v2\/comments?post=508"}],"version-history":[{"count":8,"href":"https:\/\/www.bilisim.org.tr\/bilisim2015\/wp-json\/wp\/v2\/pages\/508\/revisions"}],"predecessor-version":[{"id":1183,"href":"https:\/\/www.bilisim.org.tr\/bilisim2015\/wp-json\/wp\/v2\/pages\/508\/revisions\/1183"}],"wp:attachment":[{"href":"https:\/\/www.bilisim.org.tr\/bilisim2015\/wp-json\/wp\/v2\/media?parent=508"}],"curies":[{"name":"wp","href":"https:\/\/api.w.org\/{rel}","templated":true}]}}